{"id":9608,"date":"2024-09-20T21:56:40","date_gmt":"2024-09-20T21:56:40","guid":{"rendered":"https:\/\/2cookinn.com\/?post_type=product&#038;p=9608"},"modified":"2024-10-15T21:47:21","modified_gmt":"2024-10-15T21:47:21","slug":"paderno-shear-paring-knife-8cm-blue","status":"publish","type":"product","link":"https:\/\/2cookinn.com\/pt\/product\/paderno-shear-paring-knife-8cm-blue\/","title":{"rendered":"Faca de aparar Paderno, 8cm"},"content":{"rendered":"<div data-elementor-type=\"wp-post\" data-elementor-id=\"9608\" class=\"elementor elementor-9608\">\n\t\t\t\t<div class=\"elementor-element elementor-element-9f33226 e-flex e-con-boxed e-con e-parent\" data-id=\"9f33226\" data-element_type=\"container\" data-e-type=\"container\">\n\t\t\t\t\t<div class=\"e-con-inner\">\n\t\t\t\t<div class=\"elementor-element elementor-element-64d14be9 elementor-widget elementor-widget-text-editor\" data-id=\"64d14be9\" data-element_type=\"widget\" data-e-type=\"widget\" data-widget_type=\"text-editor.default\">\n\t\t\t\t<div class=\"elementor-widget-container\">\n\t\t\t\t\t\t\t\t\t<p><\/p>\n<p><\/p>\n<p><strong>Faca de aparar Paderno, 8cm\u00a0<\/strong><\/p>\n<h3 class=\"wp-block-heading\" style=\"color: #7cd4d1;\"><strong>Caracter\u00edsticas principais<\/strong><\/h3>\n<h3 class=\"wp-block-heading\"><\/h3>\n<p><b>L\u00e2mina de precis\u00e3o:<\/b><span style=\"font-weight: 400;\"> The 8 cm blade is ideal for peeling, trimming, and detailed cutting tasks, offering superior maneuverability and control.<\/span><\/p>\n<p><b>Constru\u00e7\u00e3o duradoura<\/b><span style=\"font-weight: 400;\"> Fabricado em a\u00e7o inoxid\u00e1vel de alta qualidade para uma utiliza\u00e7\u00e3o duradoura.<\/span><\/p>\n<p><b>Cabo ergon\u00f3mico:<\/b><span style=\"font-weight: 400;\"> Desenhada para proporcionar conforto com um punho seguro para reduzir a fadiga da m\u00e3o durante uma utiliza\u00e7\u00e3o prolongada.<\/span><\/p>\n<p><b>Utiliza\u00e7\u00e3o vers\u00e1til:<\/b><span style=\"font-weight: 400;\"> Perfeita para trabalhos pormenorizados em frutas e legumes, melhorando a sua precis\u00e3o culin\u00e1ria.<\/span><\/p>\n<p><b>Op\u00e7\u00f5es com c\u00f3digo de cores:<\/b><span style=\"font-weight: 400;\"> Dispon\u00edvel em azul, verde e vermelho para ajudar a identificar facilmente e minimizar a contamina\u00e7\u00e3o cruzada na cozinha.<\/span><\/p>\n<h3 class=\"wp-block-heading\" style=\"color: #7cd4d1;\"><strong>Ideal para<\/strong><\/h3>\n<p><b>Corte pormenorizado:<\/b><span style=\"font-weight: 400;\"> Perfeita para descascar, aparar e trabalhar com precis\u00e3o frutas e legumes.<\/span><\/p>\n<p><b>Cozinha di\u00e1ria:<\/b><span style=\"font-weight: 400;\"> Essencial para as tarefas di\u00e1rias na cozinha que exigem precis\u00e3o e controlo.<\/span><\/p>\n<p><b>Resultados profissionais:<\/b><span style=\"font-weight: 400;\"> Garante um corte preciso e sem esfor\u00e7o, tanto para cozinheiros dom\u00e9sticos como para chefes profissionais.<\/span><\/p>\n<p><b>Efici\u00eancia com c\u00f3digo de cores:<\/b><span style=\"font-weight: 400;\"> Ajuda a evitar a contamina\u00e7\u00e3o cruzada e melhora a organiza\u00e7\u00e3o na cozinha.<\/span><\/p>\n<p class=\"wp-block-heading\"><\/p>\n<h3 class=\"wp-block-heading\"><\/h3>\t\t\t\t\t\t\t\t<\/div>\n\t\t\t\t<\/div>\n\t\t\t\t\t<\/div>\n\t\t\t\t<\/div>\n\t\t\t\t<\/div>","protected":false},"excerpt":{"rendered":"<p><!-- wp:heading {\"level\":3} --><\/p>\n<p><!-- wp:paragraph --><\/p>\n<h5><span style=\"font-weight: 400;\">Eleve a precis\u00e3o da sua cozinha com a faca de aparar Paderno Shear. Perfeita para realizar tarefas complexas com facilidade, esta faca de 8 cm combina estilo e funcionalidade para uma experi\u00eancia culin\u00e1ria excecional.\u00a0<\/span><\/h5>\n<h5><strong>Melhore o seu kit de ferramentas de cozinha com a faca de aparar Paderno Shear e experimente a precis\u00e3o e o estilo em cada corte.<\/strong><\/h5>\n<h5>\u00a0<\/h5>\n<p><!-- \/wp:paragraph --><\/p>","protected":false},"featured_media":10245,"comment_status":"open","ping_status":"closed","template":"","meta":{"_themeisle_gutenberg_block_has_review":false},"product_brand":[],"product_cat":[110],"product_tag":[],"class_list":{"0":"post-9608","1":"product","2":"type-product","3":"status-publish","4":"has-post-thumbnail","6":"product_cat-preparation","7":"product_shipping_class-ce-ate-05kg","9":"first","10":"instock","11":"shipping-taxable","12":"purchasable","13":"product-type-variable"},"_links":{"self":[{"href":"https:\/\/2cookinn.com\/pt\/wp-json\/wp\/v2\/product\/9608","targetHints":{"allow":["GET"]}}],"collection":[{"href":"https:\/\/2cookinn.com\/pt\/wp-json\/wp\/v2\/product"}],"about":[{"href":"https:\/\/2cookinn.com\/pt\/wp-json\/wp\/v2\/types\/product"}],"replies":[{"embeddable":true,"href":"https:\/\/2cookinn.com\/pt\/wp-json\/wp\/v2\/comments?post=9608"}],"version-history":[{"count":11,"href":"https:\/\/2cookinn.com\/pt\/wp-json\/wp\/v2\/product\/9608\/revisions"}],"predecessor-version":[{"id":11386,"href":"https:\/\/2cookinn.com\/pt\/wp-json\/wp\/v2\/product\/9608\/revisions\/11386"}],"wp:featuredmedia":[{"embeddable":true,"href":"https:\/\/2cookinn.com\/pt\/wp-json\/wp\/v2\/media\/10245"}],"wp:attachment":[{"href":"https:\/\/2cookinn.com\/pt\/wp-json\/wp\/v2\/media?parent=9608"}],"wp:term":[{"taxonomy":"product_brand","embeddable":true,"href":"https:\/\/2cookinn.com\/pt\/wp-json\/wp\/v2\/product_brand?post=9608"},{"taxonomy":"product_cat","embeddable":true,"href":"https:\/\/2cookinn.com\/pt\/wp-json\/wp\/v2\/product_cat?post=9608"},{"taxonomy":"product_tag","embeddable":true,"href":"https:\/\/2cookinn.com\/pt\/wp-json\/wp\/v2\/product_tag?post=9608"}],"curies":[{"name":"wp","href":"https:\/\/api.w.org\/{rel}","templated":true}]}}